{"id":38504,"date":"2025-12-20T13:35:28","date_gmt":"2025-12-20T12:35:28","guid":{"rendered":"https:\/\/www.motivgruppe-musik.com\/?page_id=38504"},"modified":"2026-01-24T10:53:58","modified_gmt":"2026-01-24T09:53:58","slug":"stempel-2026","status":"publish","type":"page","link":"https:\/\/www.motivgruppe-musik.com\/en\/latest-news\/stempel-2026\/","title":{"rendered":"Postmarks 2026"},"content":{"rendered":"<p>Image<\/th><th class=\"column-2\"><center>Country<\/th><th class=\"column-3\"><center>Description<\/th><th class=\"column-4\"><center>Keywords<\/th>\n<\/tr>\n<\/thead>\n<tbody class=\"row-hover\">\n<tr class=\"row-2\">\n\t<td class=\"column-1\"><center><font size=\"-2\">27.04.2026 Klaus Gabriel <a href=\"https:\/\/www.motivgruppe-musik.com\/wp-content\/gallery\/stempel-2026\/2026-42-russland.jpg\" target=\"_blank\" rel=\"noopener\" noreferrer><img decoding=\"async\" src=\"https:\/\/www.motivgruppe-musik.com\/wp-content\/gallery\/stempel-2026\/2026-42-russland.jpg\" width=\"150\" class=\"border\" \/><\/a><\/td><td class=\"column-2\">Russia<br \/>\nMoscow<br \/>\n28.04.2026<\/td><td class=\"column-3\">Posthorns<\/td><td class=\"column-4\">Posthorn<\/td>\n<\/tr>\n<tr class=\"row-3\">\n\t<td class=\"column-1\"><center><font size=\"-2\">25.04.2026 Peter Lang <a href=\"https:\/\/www.motivgruppe-musik.com\/wp-content\/gallery\/stempel-2026\/2026-41-indien.jpg\" target=\"_blank\" rel=\"noopener\" noreferrer><img decoding=\"async\" src=\"https:\/\/www.motivgruppe-musik.com\/wp-content\/gallery\/stempel-2026\/2026-41-indien.jpg\" width=\"150\" class=\"border\" \/><\/a><\/td><td class=\"column-2\">India<br \/>\nBhubaneswar<br \/>\n24.04.2026<\/td><td class=\"column-3\">Dancers, folk dance of Odisha<\/td><td class=\"column-4\">Traditional, dance, folk dance<\/td>\n<\/tr>\n<tr class=\"row-4\">\n\t<td class=\"column-1\"><center><font size=\"-2\">24.04.2026 Peter Lang <a href=\"https:\/\/www.motivgruppe-musik.com\/wp-content\/gallery\/stempel-2026\/2026-40-oesterreich.jpg\" target=\"_blank\" rel=\"noopener\" noreferrer><img decoding=\"async\" src=\"https:\/\/www.motivgruppe-musik.com\/wp-content\/gallery\/stempel-2026\/2026-40-oesterreich.jpg\" width=\"150\" class=\"border\" \/><\/a><\/td><td class=\"column-2\">Austria<br \/>\nVienna<br \/>\n16.04.2026<\/td><td class=\"column-3\">Stamp for the crypto stamp Vienna City of Music<\/td><td class=\"column-4\">Building<\/td>\n<\/tr>\n<tr class=\"row-5\">\n\t<td class=\"column-1\"><center><font size=\"-2\">21.04.2026 G. Robert Salvi <a href=\"https:\/\/www.motivgruppe-musik.com\/wp-content\/gallery\/stempel-2026\/2026-39-usa.jpg\" target=\"_blank\" rel=\"noopener\" noreferrer><img decoding=\"async\" src=\"https:\/\/www.motivgruppe-musik.com\/wp-content\/gallery\/stempel-2026\/2026-39-usa.jpg\" width=\"150\" class=\"border\" \/><\/a><\/td><td class=\"column-2\">USA<br \/>\nFond du Lac (WI)<br \/>\n18.04.2026<\/td><td class=\"column-3\">bell<\/td><td class=\"column-4\">bell<\/td>\n<\/tr>\n<tr class=\"row-6\">\n\t<td class=\"column-1\"><center><font size=\"-2\">21.04.2026 Peter Lang <a href=\"https:\/\/www.motivgruppe-musik.com\/wp-content\/gallery\/stempel-2026\/2026-38-indien.jpg\" target=\"_blank\" rel=\"noopener\" noreferrer><img decoding=\"async\" src=\"https:\/\/www.motivgruppe-musik.com\/wp-content\/gallery\/stempel-2026\/2026-38-indien.jpg\" width=\"150\" class=\"border\" \/><\/a><\/td><td class=\"column-2\">India<br \/>\nNew Delhi<br \/>\n16.04.2026<\/td><td class=\"column-3\">Pandit Chatur was a tabla player. The tabla is a percussion instrument in North Indian music. It consists of two small kettledrums, whose heads are marked with a characteristic circular eye.<\/td><td class=\"column-4\">Drum, tabla, percussion, traditional, instrument<\/td>\n<\/tr>\n<tr class=\"row-7\">\n\t<td class=\"column-1\"><center><font size=\"-2\">16.04.2026 Arnold van Berkel <a href=\"https:\/\/www.motivgruppe-musik.com\/wp-content\/gallery\/stempel-2026\/2026-37-usa.jpg\" target=\"_blank\" rel=\"noopener\" noreferrer><img decoding=\"async\" src=\"https:\/\/www.motivgruppe-musik.com\/wp-content\/gallery\/stempel-2026\/2026-37-usa.jpg\" width=\"150\" class=\"border\" \/><\/a><\/td><td class=\"column-2\">USA<br \/>\nSpringfield (VA)<br \/>\n28.03.2026<\/td><td class=\"column-3\">250th anniversary of the US Declaration of Independence. The design depicts historical figures associated with the founding of the United States, including Benjamin Franklin (1706\u20131790), an enthusiastic musician who played the guitar, harp, and viola da gamba.<\/td><td class=\"column-4\">Musician, person<\/td>\n<\/tr>\n<tr class=\"row-8\">\n\t<td class=\"column-1\"><center><font size=\"-2\">10.04.2026 Klaus Gabriel <a href=\"https:\/\/www.motivgruppe-musik.com\/wp-content\/gallery\/stempel-2026\/2026-36-indien.jpg\" target=\"_blank\" rel=\"noopener\" noreferrer><img decoding=\"async\" src=\"https:\/\/www.motivgruppe-musik.com\/wp-content\/gallery\/stempel-2026\/2026-36-indien.jpg\" width=\"150\" class=\"border\" \/><\/a><\/td><td class=\"column-2\">India<br \/>\nBelagavi<br \/>\n13.02.2026<\/td><td class=\"column-3\">World Radio Day (UNESCO)<\/td><td class=\"column-4\">Radio, broadcast<\/td>\n<\/tr>\n<tr class=\"row-9\">\n\t<td class=\"column-1\"><center><font size=\"-2\">08.04.2026 Karl-Heinz B\u00fcdding <a href=\"https:\/\/www.motivgruppe-musik.com\/wp-content\/gallery\/stempel-2026\/2026-35-italien.jpg\" target=\"_blank\" rel=\"noopener\" noreferrer><img decoding=\"async\" src=\"https:\/\/www.motivgruppe-musik.com\/wp-content\/gallery\/stempel-2026\/2026-35-italien.jpg\" width=\"150\" class=\"border\" \/><\/a><\/td><td class=\"column-2\">Italy<br \/>\nFiumefreddo<br \/>\n09.05.2026<\/td><td class=\"column-3\">Stamp Day<\/td><td class=\"column-4\">Grades<\/td>\n<\/tr>\n<tr class=\"row-10\">\n\t<td class=\"column-1\"><center><font size=\"-2\">08.04.2026 Karl-Heinz B\u00fcdding <a href=\"https:\/\/www.motivgruppe-musik.com\/wp-content\/gallery\/stempel-2026\/2026-34-italien.jpg\" target=\"_blank\" rel=\"noopener\" noreferrer><img decoding=\"async\" src=\"https:\/\/www.motivgruppe-musik.com\/wp-content\/gallery\/stempel-2026\/2026-34-italien.jpg\" width=\"150\" class=\"border\" \/><\/a><\/td><td class=\"column-2\">Italy<br \/>\nRoma<br \/>\n24.03.2026<\/td><td class=\"column-3\">Dario Fo, Italian composer, stage designer<\/td><td class=\"column-4\">Composer, person<\/td>\n<\/tr>\n<tr class=\"row-11\">\n\t<td class=\"column-1\"><center><font size=\"-2\">08.04.2026 Karl-Heinz B\u00fcdding <a href=\"https:\/\/www.motivgruppe-musik.com\/wp-content\/gallery\/stempel-2026\/2026-33-italien.jpg\" target=\"_blank\" rel=\"noopener\" noreferrer><img decoding=\"async\" src=\"https:\/\/www.motivgruppe-musik.com\/wp-content\/gallery\/stempel-2026\/2026-33-italien.jpg\" width=\"150\" class=\"border\" \/><\/a><\/td><td class=\"column-2\">Italy<br \/>\nViggiu<br \/>\n25.04.2026<\/td><td class=\"column-3\">Renato Simoni, librettist of Puccini's opera Turandot<\/td><td class=\"column-4\">Libretto, Person<\/td>\n<\/tr>\n<tr class=\"row-12\">\n\t<td class=\"column-1\"><center><font size=\"-2\">08.04.2026 Karl-Heinz B\u00fcdding <a href=\"https:\/\/www.motivgruppe-musik.com\/wp-content\/gallery\/stempel-2026\/2026-32-italien.jpg\" target=\"_blank\" rel=\"noopener\" noreferrer><img decoding=\"async\" src=\"https:\/\/www.motivgruppe-musik.com\/wp-content\/gallery\/stempel-2026\/2026-32-italien.jpg\" width=\"150\" class=\"border\" \/><\/a><\/td><td class=\"column-2\">Italy<br \/>\nViareggio<br \/>\n18.04.2026<\/td><td class=\"column-3\">Turandot is the last opera by Giacomo Puccini.<\/td><td class=\"column-4\">opera<\/td>\n<\/tr>\n<tr class=\"row-13\">\n\t<td class=\"column-1\"><center><font size=\"-2\">08.04.2026 Karl-Heinz B\u00fcdding <a href=\"https:\/\/www.motivgruppe-musik.com\/wp-content\/gallery\/stempel-2026\/2026-31-italien.jpg\" target=\"_blank\" rel=\"noopener\" noreferrer><img decoding=\"async\" src=\"https:\/\/www.motivgruppe-musik.com\/wp-content\/gallery\/stempel-2026\/2026-31-italien.jpg\" width=\"150\" class=\"border\" \/><\/a><\/td><td class=\"column-2\">Italy<br \/>\nRoma<br \/>\n13.03.2026<\/td><td class=\"column-3\">Claudio Villa, Italian singer<\/td><td class=\"column-4\">Singer<\/td>\n<\/tr>\n<tr class=\"row-14\">\n\t<td class=\"column-1\"><center><font size=\"-2\">08.04.2026 Karl-Heinz B\u00fcdding <a href=\"https:\/\/www.motivgruppe-musik.com\/wp-content\/gallery\/stempel-2026\/2026-30-italien.jpg\" target=\"_blank\" rel=\"noopener\" noreferrer><img decoding=\"async\" src=\"https:\/\/www.motivgruppe-musik.com\/wp-content\/gallery\/stempel-2026\/2026-30-italien.jpg\" width=\"150\" class=\"border\" \/><\/a><\/td><td class=\"column-2\">Italy<br \/>\nLegnago<br \/>\n06.03.2026<\/td><td class=\"column-3\">Salieri Theatre<\/td><td class=\"column-4\">Theatre, building, opera<\/td>\n<\/tr>\n<tr class=\"row-15\">\n\t<td class=\"column-1\"><center><font size=\"-2\">25.05.2026 Peter Lang <a href=\"https:\/\/www.motivgruppe-musik.com\/wp-content\/gallery\/stempel-2026\/2026-29-ukraine.jpg\" target=\"_blank\" rel=\"noopener\" noreferrer><img decoding=\"async\" src=\"https:\/\/www.motivgruppe-musik.com\/wp-content\/gallery\/stempel-2026\/2026-29-ukraine.jpg\" width=\"150\" class=\"border\" \/><\/a><\/td><td class=\"column-2\">Ukraine<br \/>\nKyiv<br \/>\n<\/td><td class=\"column-3\"><\/td><td class=\"column-4\"><\/td>\n<\/tr>\n<tr class=\"row-16\">\n\t<td class=\"column-1\"><center><font size=\"-2\">04.04.2026 Peter Lang <a href=\"https:\/\/www.motivgruppe-musik.com\/wp-content\/gallery\/stempel-2026\/2026-28-indien.jpg\" target=\"_blank\" rel=\"noopener\" noreferrer><img decoding=\"async\" src=\"https:\/\/www.motivgruppe-musik.com\/wp-content\/gallery\/stempel-2026\/2026-28-indien.jpg\" width=\"150\" class=\"border\" \/><\/a><\/td><td class=\"column-2\">India<br \/>\nCalcutta<br \/>\n09.03.2026<\/td><td class=\"column-3\">Annapurna Devi (1927\u20132018) was an Indian Surbahar player of classical Hindustani music. She was given the name \"Annapurna\" by Maharaja Brijnath Singh of the former Maihar estate, where she was commonly known.<\/td><td class=\"column-4\">Tradition, musician, instrument, plucked instrument, stringed instrument<\/td>\n<\/tr>\n<tr class=\"row-17\">\n\t<td class=\"column-1\"><center><font size=\"-2\">04.04.2026 Peter Lang <a href=\"https:\/\/www.motivgruppe-musik.com\/wp-content\/gallery\/stempel-2026\/2026-27-indien.jpg\" target=\"_blank\" rel=\"noopener\" noreferrer><img decoding=\"async\" src=\"https:\/\/www.motivgruppe-musik.com\/wp-content\/gallery\/stempel-2026\/2026-27-indien.jpg\" width=\"150\" class=\"border\" \/><\/a><\/td><td class=\"column-2\">India<br \/>\nGangtok<br \/>\n10.03.2026<\/td><td class=\"column-3\">The Pumtong Pulit is a traditional bamboo flute from Sikkim, India, deeply rooted in the culture of the Lepcha people. It has four holes, is often used in ritual contexts, and serves to imitate sounds of nature.<\/td><td class=\"column-4\">Tradition, instrument, flute, wind instrument<\/td>\n<\/tr>\n<tr class=\"row-18\">\n\t<td class=\"column-1\"><center><font size=\"-2\">04.04.2026 Peter Lang <a href=\"https:\/\/www.motivgruppe-musik.com\/wp-content\/gallery\/stempel-2026\/2026-26-indien.jpg\" target=\"_blank\" rel=\"noopener\" noreferrer><img decoding=\"async\" src=\"https:\/\/www.motivgruppe-musik.com\/wp-content\/gallery\/stempel-2026\/2026-26-indien.jpg\" width=\"150\" class=\"border\" \/><\/a><\/td><td class=\"column-2\">India<br \/>\nGangtok<br \/>\n10.03.2026<\/td><td class=\"column-3\">The Tungbuk is a traditional, three-stringed plucked instrument of the Lepcha community in Sikkim, India, which resembles a mandolin.<\/td><td class=\"column-4\">Tradition, instrument, stringed instrument, plucked instrument<\/td>\n<\/tr>\n<tr class=\"row-19\">\n\t<td class=\"column-1\"><center><font size=\"-2\">30.03.2026 Peter Lang <a href=\"https:\/\/www.motivgruppe-musik.com\/wp-content\/gallery\/stempel-2026\/2026-25-indien.jpg\" target=\"_blank\" rel=\"noopener\" noreferrer><img decoding=\"async\" src=\"https:\/\/www.motivgruppe-musik.com\/wp-content\/gallery\/stempel-2026\/2026-25-indien.jpg\" width=\"150\" class=\"border\" \/><\/a><\/td><td class=\"column-2\">India<br \/>\nRaipur<br \/>\n15.01.2026<\/td><td class=\"column-3\">To mark the 150th anniversary of the Indian national anthem \"Vande Mataram\", there was a \"mass singing\" event with 5000 students.<\/td><td class=\"column-4\">Sheet music, singer, choir<\/td>\n<\/tr>\n<tr class=\"row-20\">\n\t<td class=\"column-1\"><center><font size=\"-2\">26.03.2026 Klaus Gabriel <a href=\"https:\/\/www.motivgruppe-musik.com\/wp-content\/gallery\/stempel-2026\/2026-24-tschechien.jpg\" target=\"_blank\" rel=\"noopener\" noreferrer><img decoding=\"async\" src=\"https:\/\/www.motivgruppe-musik.com\/wp-content\/gallery\/stempel-2026\/2026-24-tschechien.jpg\" width=\"150\" class=\"border\" \/><\/a><\/td><td class=\"column-2\">Czech Republic<br \/>\nPrague<br \/>\n18.03.2026<\/td><td class=\"column-3\">Figure skating, ice skating<\/td><td class=\"column-4\">figure skating<\/td>\n<\/tr>\n<tr class=\"row-21\">\n\t<td class=\"column-1\"><center><font size=\"-2\">25.03.2026 Klaus Gabriel <a href=\"https:\/\/www.motivgruppe-musik.com\/wp-content\/gallery\/stempel-2026\/2026-23-russland.jpg\" target=\"_blank\" rel=\"noopener\" noreferrer><img decoding=\"async\" src=\"https:\/\/www.motivgruppe-musik.com\/wp-content\/gallery\/stempel-2026\/2026-23-russland.jpg\" width=\"150\" class=\"border\" \/><\/a><\/td><td class=\"column-2\">Russia<br \/>\nMoscow<br \/>\n28.03.2026<\/td><td class=\"column-3\">250 Years of the State Academic Bolshoi Theatre of Russia<\/td><td class=\"column-4\">Theatre, building, opera<\/td>\n<\/tr>\n<tr class=\"row-22\">\n\t<td class=\"column-1\"><center><font size=\"-2\">19.03.2026 Klaus Gabriel <a href=\"https:\/\/www.motivgruppe-musik.com\/wp-content\/gallery\/stempel-2026\/2026-22-spanien.jpg\" target=\"_blank\" rel=\"noopener\" noreferrer><img decoding=\"async\" src=\"https:\/\/www.motivgruppe-musik.com\/wp-content\/gallery\/stempel-2026\/2026-22-spanien.jpg\" width=\"150\" class=\"border\" \/><\/a><\/td><td class=\"column-2\">Spain<br \/>\nMadrid<br \/>\n22.02.2026<\/td><td class=\"column-3\">Yingge dance, fire dance<\/td><td class=\"column-4\">Dance, dancer, tradition<\/td>\n<\/tr>\n<tr class=\"row-23\">\n\t<td class=\"column-1\"><center><font size=\"-2\">18.03.2026 Peter Lang <a href=\"https:\/\/www.motivgruppe-musik.com\/wp-content\/gallery\/stempel-2026\/2026-21-moldawien.jpg\" target=\"_blank\" rel=\"noopener\" noreferrer><img decoding=\"async\" src=\"https:\/\/www.motivgruppe-musik.com\/wp-content\/gallery\/stempel-2026\/2026-21-moldawien.jpg\" width=\"150\" class=\"border\" \/><\/a><\/td><td class=\"column-2\">Moldova<br \/>\nChi\u0219in\u0103u<br \/>\n02.-10.03.2026<\/td><td class=\"column-3\">60th Anniversary of the International Music Festival<\/td><td class=\"column-4\">festival<\/td>\n<\/tr>\n<tr class=\"row-24\">\n\t<td class=\"column-1\"><center><font size=\"-2\">06.03.2026 Klaus Gabriel <a href=\"https:\/\/www.motivgruppe-musik.com\/wp-content\/gallery\/stempel-2026\/2026-20-russland.jpg\" target=\"_blank\" rel=\"noopener\" noreferrer><img decoding=\"async\" src=\"https:\/\/www.motivgruppe-musik.com\/wp-content\/gallery\/stempel-2026\/2026-20-russland.jpg\" width=\"150\" class=\"border\" \/><\/a><\/td><td class=\"column-2\">Russia<br \/>\nYaroslavl<br \/>\n04.03.2026<\/td><td class=\"column-3\">Golden Ring of Russia with an image of the Volkov Theatre Yaroslavl<\/td><td class=\"column-4\">Theatre, building, opera<\/td>\n<\/tr>\n<tr class=\"row-25\">\n\t<td class=\"column-1\"><center><font size=\"-2\">25.02.2026 Axel Brockmann\/Karl-Heinz B\u00fcdding <a href=\"https:\/\/www.motivgruppe-musik.com\/wp-content\/gallery\/stempel-2026\/2026-19-italien.jpg\" target=\"_blank\" rel=\"noopener\" noreferrer><img decoding=\"async\" src=\"https:\/\/www.motivgruppe-musik.com\/wp-content\/gallery\/stempel-2026\/2026-19-italien.jpg\" width=\"150\" class=\"border\" \/><\/a><\/td><td class=\"column-2\">Italy<br \/>\nSanremo<br \/>\n27.02.2026<\/td><td class=\"column-3\">76th Song Festival<\/td><td class=\"column-4\">microphone, event, festival<\/td>\n<\/tr>\n<tr class=\"row-26\">\n\t<td class=\"column-1\"><center><font size=\"-2\">21.02.2026 Peter Lang <a href=\"https:\/\/www.motivgruppe-musik.com\/wp-content\/gallery\/stempel-2026\/2026-18-lettland.jpg\" target=\"_blank\" rel=\"noopener\" noreferrer><img decoding=\"async\" src=\"https:\/\/www.motivgruppe-musik.com\/wp-content\/gallery\/stempel-2026\/2026-18-lettland.jpg\" width=\"150\" class=\"border\" \/><\/a><\/td><td class=\"column-2\">Latvia<br \/>\nRiga<br \/>\n12.02.2026<\/td><td class=\"column-3\">Lithuanian National Symphony Orchestra<\/td><td class=\"column-4\">Orchestra, sheet music<\/td>\n<\/tr>\n<tr class=\"row-27\">\n\t<td class=\"column-1\"><center><font size=\"-2\">20.02.2026 Peter Lang <a href=\"https:\/\/www.motivgruppe-musik.com\/wp-content\/gallery\/stempel-2026\/2026-17-oesterreich.jpg\" target=\"_blank\" rel=\"noopener\" noreferrer><img decoding=\"async\" src=\"https:\/\/www.motivgruppe-musik.com\/wp-content\/gallery\/stempel-2026\/2026-17-oesterreich.jpg\" width=\"150\" class=\"border\" \/><\/a><\/td><td class=\"column-2\">Austria<br \/>\nVienna<br \/>\n20.03.2026<\/td><td class=\"column-3\">250 years of the Burgtheater. The image shows the bubble angel on the roof of the Burgtheater in Vienna, located on the Ringstrasse. The sculpture serves as part of a historic ventilation system to remove warm, stale air from the auditorium.<\/td><td class=\"column-4\">Angel, wind instrument<\/td>\n<\/tr>\n<tr class=\"row-28\">\n\t<td class=\"column-1\"><center><font size=\"-2\">14.02.2026 Karl-Heinz B\u00fcdding <a href=\"https:\/\/www.motivgruppe-musik.com\/wp-content\/gallery\/stempel-2026\/2026-16-deutschland.jpg\" target=\"_blank\" rel=\"noopener\" noreferrer><img decoding=\"async\" src=\"https:\/\/www.motivgruppe-musik.com\/wp-content\/gallery\/stempel-2026\/2026-16-deutschland.jpg\" width=\"150\" class=\"border\" \/><\/a><\/td><td class=\"column-2\">Germany<br \/>\nMeiningen<br \/>\n28.03.2026<\/td><td class=\"column-3\">General meeting of the music motive group. The Meiningen Court Orchestra at the 1st Bayreuth Festival.<\/td><td class=\"column-4\">band, musicians<\/td>\n<\/tr>\n<tr class=\"row-29\">\n\t<td class=\"column-1\"><center><font size=\"-2\">14.02.2026 Karl-Heinz B\u00fcdding <a href=\"https:\/\/www.motivgruppe-musik.com\/wp-content\/gallery\/stempel-2026\/2026-15-deutschland.jpg\" target=\"_blank\" rel=\"noopener\" noreferrer><img decoding=\"async\" src=\"https:\/\/www.motivgruppe-musik.com\/wp-content\/gallery\/stempel-2026\/2026-15-deutschland.jpg\" width=\"150\" class=\"border\" \/><\/a><\/td><td class=\"column-2\">Germany<br \/>\nMeiningen<br \/>\n28.03.2026<\/td><td class=\"column-3\">200th birthday of Duke George II, Max Reger Conservatory<\/td><td class=\"column-4\">Building, horn, wind instrument<\/td>\n<\/tr>\n<tr class=\"row-30\">\n\t<td class=\"column-1\"><center><font size=\"-2\">07.02.2026 Peter Lang <a href=\"https:\/\/www.motivgruppe-musik.com\/wp-content\/gallery\/stempel-2026\/2026-14-frankreich.jpg\" target=\"_blank\" rel=\"noopener\" noreferrer><img decoding=\"async\" src=\"https:\/\/www.motivgruppe-musik.com\/wp-content\/gallery\/stempel-2026\/2026-14-frankreich.jpg\" width=\"150\" class=\"border\" \/><\/a><\/td><td class=\"column-2\">France<br \/>\nCheilly-l\u00e8s-Maranges<br \/>\n24.-25.01.2026<\/td><td class=\"column-3\">A traditional wine festival in Burgundy, celebrated in a different village each year.<\/td><td class=\"column-4\">trumpet, musician<\/td>\n<\/tr>\n<tr class=\"row-31\">\n\t<td class=\"column-1\"><center><font size=\"-2\">07.02.2026 Peter Lang <a href=\"https:\/\/www.motivgruppe-musik.com\/wp-content\/gallery\/stempel-2026\/2026-13-frz.jpg\" target=\"_blank\" rel=\"noopener\" noreferrer><img decoding=\"async\" src=\"https:\/\/www.motivgruppe-musik.com\/wp-content\/gallery\/stempel-2026\/2026-13-frz.jpg\" width=\"150\" class=\"border\" \/><\/a><\/td><td class=\"column-2\">French Polynesia<br \/>\nPapeete<br \/>\n17.02.2026<\/td><td class=\"column-3\">Bobby Holcomb (1947-1991): Artist and musician who wrote popular Polynesian melodies.<\/td><td class=\"column-4\">Musician, portrait, person<\/td>\n<\/tr>\n<tr class=\"row-32\">\n\t<td class=\"column-1\"><center><font size=\"-2\">05.02.2026 Klaus Gabriel <a href=\"https:\/\/www.motivgruppe-musik.com\/wp-content\/gallery\/stempel-2026\/2026-12-rumaenien.jpg\" target=\"_blank\" rel=\"noopener\" noreferrer><img decoding=\"async\" src=\"https:\/\/www.motivgruppe-musik.com\/wp-content\/gallery\/stempel-2026\/2026-12-rumaenien.jpg\" width=\"150\" class=\"border\" \/><\/a><\/td><td class=\"column-2\">Romania<br \/>\nBucharest<br \/>\n04.02.2026<\/td><td class=\"column-3\">figure skating<\/td><td class=\"column-4\">figure skating<\/td>\n<\/tr>\n<tr class=\"row-33\">\n\t<td class=\"column-1\"><center><font size=\"-2\">05.02.2026 Jakab G\u00e9za <a href=\"https:\/\/www.motivgruppe-musik.com\/wp-content\/gallery\/stempel-2026\/2026-11-ungarn.jpg\" target=\"_blank\" rel=\"noopener\" noreferrer><img decoding=\"async\" src=\"https:\/\/www.motivgruppe-musik.com\/wp-content\/gallery\/stempel-2026\/2026-11-ungarn.jpg\" width=\"150\" class=\"border\" \/><\/a><\/td><td class=\"column-2\">Hungary<br \/>\nBudapest<br \/>\n04.02.2026<\/td><td class=\"column-3\">Hungarian and Chinese folk instruments. The zither and the guzheng \u2013 as traditional stringed instruments played by plucking \u2013 symbolize the musical traditions and cultural connections of the two countries.<\/td><td class=\"column-4\">Zither, Guzheng, stringed instruments, tradition<\/td>\n<\/tr>\n<tr class=\"row-34\">\n\t<td class=\"column-1\"><center><font size=\"-2\">30.01.2026 Karl-Heinz B\u00fcdding <a href=\"https:\/\/www.motivgruppe-musik.com\/wp-content\/gallery\/stempel-2026\/2026-10-italien.jpg\" target=\"_blank\" rel=\"noopener\" noreferrer><img decoding=\"async\" src=\"https:\/\/www.motivgruppe-musik.com\/wp-content\/gallery\/stempel-2026\/2026-10-italien.jpg\" width=\"150\" class=\"border\" \/><\/a><\/td><td class=\"column-2\">Italy<br \/>\nRome<br \/>\n29.01.2026<\/td><td class=\"column-3\">100th birthday of Claudio Villa, Italian singer<\/td><td class=\"column-4\">Singer, microphone, person<\/td>\n<\/tr>\n<tr class=\"row-35\">\n\t<td class=\"column-1\"><center><font size=\"-2\">30.01.2026 Karl-Heinz B\u00fcdding <a href=\"https:\/\/www.motivgruppe-musik.com\/wp-content\/gallery\/stempel-2026\/2026-9-deutschland.jpg\" target=\"_blank\" rel=\"noopener\" noreferrer><img decoding=\"async\" src=\"https:\/\/www.motivgruppe-musik.com\/wp-content\/gallery\/stempel-2026\/2026-9-deutschland.jpg\" width=\"150\" class=\"border\" \/><\/a><\/td><td class=\"column-2\">Germany<br \/>\nBonn<br \/>\n02.03.2026<\/td><td class=\"column-3\">200th birthday of Julie Hausmann, church musician and poet \u201cSo take my hands\u201d<\/td><td class=\"column-4\">Church music, poets<\/td>\n<\/tr>\n<tr class=\"row-36\">\n\t<td class=\"column-1\"><center><font size=\"-2\">30.01.2026 Karl-Heinz B\u00fcdding <a href=\"https:\/\/www.motivgruppe-musik.com\/wp-content\/gallery\/stempel-2026\/2026-8-deutschland.jpg\" target=\"_blank\" rel=\"noopener\" noreferrer><img decoding=\"async\" src=\"https:\/\/www.motivgruppe-musik.com\/wp-content\/gallery\/stempel-2026\/2026-8-deutschland.jpg\" width=\"150\" class=\"border\" \/><\/a><\/td><td class=\"column-2\">Germany<br \/>\nBerlin<br \/>\n02.03.2026<\/td><td class=\"column-3\">200th birthday of Julie Hausmann, church musician and poet \u201cSo take my hands\u201d<\/td><td class=\"column-4\">Church music, poets<\/td>\n<\/tr>\n<tr class=\"row-37\">\n\t<td class=\"column-1\"><center><font size=\"-2\">23.01.2026 Peter Lang <a href=\"https:\/\/www.motivgruppe-musik.com\/wp-content\/gallery\/stempel-2026\/2026-7-polen.jpg\" target=\"_blank\" rel=\"noopener\" noreferrer><img decoding=\"async\" src=\"https:\/\/www.motivgruppe-musik.com\/wp-content\/gallery\/stempel-2026\/2026-7-polen.jpg\" width=\"150\" class=\"border\" \/><\/a><\/td><td class=\"column-2\">Poland<br \/>\nWarsaw<br \/>\n25.01.2026<\/td><td class=\"column-3\">34th Finale of the Grand Orchestra of Christmas Charity<\/td><td class=\"column-4\">Logo, lettering, festival, event<\/td>\n<\/tr>\n<tr class=\"row-38\">\n\t<td class=\"column-1\"><center><font size=\"-2\">17.01.2026 Karl-Heinz B\u00fcdding <a href=\"https:\/\/www.motivgruppe-musik.com\/wp-content\/gallery\/stempel-2026\/2026-6-italien.jpg\" target=\"_blank\" rel=\"noopener\" noreferrer><img decoding=\"async\" src=\"https:\/\/www.motivgruppe-musik.com\/wp-content\/gallery\/stempel-2026\/2026-6-italien.jpg\" width=\"150\" class=\"border\" \/><\/a><\/td><td class=\"column-2\">Italy<br \/>\nRho<br \/>\n21.01.2026<\/td><td class=\"column-3\">15th \"Olio Officina\" Festival in Rho Fiera, January 22\u201324. Drawing of a man playing an instrument and sheet music. Illustrator Doriano Strologo, inspired by the theme of the fifteenth edition of Olio Officina, \"Sensoriale\" (Senses, Sensory, Perception \u2013 which at the festival refers more to the taste of the oil).<\/td><td class=\"column-4\">Notes, music sheets, musician<\/td>\n<\/tr>\n<tr class=\"row-39\">\n\t<td class=\"column-1\"><center><font size=\"-2\">17.01.2026 Karl-Heinz B\u00fcdding <a href=\"https:\/\/www.motivgruppe-musik.com\/wp-content\/gallery\/stempel-2026\/2026-5-deutschland.jpg\" target=\"_blank\" rel=\"noopener\" noreferrer><img decoding=\"async\" src=\"https:\/\/www.motivgruppe-musik.com\/wp-content\/gallery\/stempel-2026\/2026-5-deutschland.jpg\" width=\"150\" class=\"border\" \/><\/a><\/td><td class=\"column-2\">Germany<br \/>\nApolda<br \/>\n14.03.2026<\/td><td class=\"column-3\">125 years of the Apolda section of the German Alpine Club and 100 years of the Thuringian Hut<\/td><td class=\"column-4\">bell<\/td>\n<\/tr>\n<tr class=\"row-40\">\n\t<td class=\"column-1\"><center><font size=\"-2\">22.12.2025 Peter Lang <a href=\"https:\/\/www.motivgruppe-musik.com\/wp-content\/gallery\/stempel-2026\/2026-4-oesterreich.jpg\" target=\"_blank\" rel=\"noopener\" noreferrer><img decoding=\"async\" src=\"https:\/\/www.motivgruppe-musik.com\/wp-content\/gallery\/stempel-2026\/2026-4-oesterreich.jpg\" width=\"150\" class=\"border\" \/><\/a><\/td><td class=\"column-2\">Austria<br \/>\nVienna<br \/>\n17.02.2026<\/td><td class=\"column-3\">Friedrich Cerha (1926\u20132023) was an Austrian composer and conductor.<\/td><td class=\"column-4\">Person, composer, conductor<\/td>\n<\/tr>\n<tr class=\"row-41\">\n\t<td class=\"column-1\"><center><font size=\"-2\">22.12.2025 Peter Lang <a href=\"https:\/\/www.motivgruppe-musik.com\/wp-content\/gallery\/stempel-2026\/2026-3-oesterreich.jpg\" target=\"_blank\" rel=\"noopener\" noreferrer><img decoding=\"async\" src=\"https:\/\/www.motivgruppe-musik.com\/wp-content\/gallery\/stempel-2026\/2026-3-oesterreich.jpg\" width=\"150\" class=\"border\" \/><\/a><\/td><td class=\"column-2\">Austria<br \/>\nVienna<br \/>\n09.01.2026<\/td><td class=\"column-3\">The Viennese timpani was designed by Hans Schnellar (1865\u20131945), a timpanist of the Vienna Philharmonic; its design was further developed by his successors in the Philharmonic.<\/td><td class=\"column-4\">timpani, percussion, drum, person<\/td>\n<\/tr>\n<tr class=\"row-42\">\n\t<td class=\"column-1\"><center><font size=\"-2\">12.12.2025 Karl-Heinz B\u00fcdding <a href=\"https:\/\/www.motivgruppe-musik.com\/wp-content\/gallery\/stempel-2026\/2026-2-deutschland.jpg\" target=\"_blank\" rel=\"noopener\" noreferrer><img decoding=\"async\" src=\"https:\/\/www.motivgruppe-musik.com\/wp-content\/gallery\/stempel-2026\/2026-2-deutschland.jpg\" width=\"150\" class=\"border\" \/><\/a><\/td><td class=\"column-2\">Germany<br \/>\nBerlin<br \/>\n08.01.2026<\/td><td class=\"column-3\">250th birthday of E. T. A. Hoffmann<\/td><td class=\"column-4\">Writer, composer, opera conductor<\/td>\n<\/tr>\n<tr class=\"row-43\">\n\t<td class=\"column-1\"><center><font size=\"-2\">12.12.2025 Karl-Heinz B\u00fcdding <a href=\"https:\/\/www.motivgruppe-musik.com\/wp-content\/gallery\/stempel-2026\/2026-1-deutschland.jpg\" target=\"_blank\" rel=\"noopener\" noreferrer><img decoding=\"async\" src=\"https:\/\/www.motivgruppe-musik.com\/wp-content\/gallery\/stempel-2026\/2026-1-deutschland.jpg\" width=\"150\" class=\"border\" \/><\/a><\/td><td class=\"column-2\">Germany<br \/>\nBonn<br \/>\n08.01.2026<\/td><td class=\"column-3\">250th birthday of E. T. A. Hoffmann<\/td><td class=\"column-4\">Writer, composer, opera conductor<\/td>\n<\/tr>\n<\/tbody>\n<\/table>\n<\/p>\n<p><center>Diese Seite wird von unserem Mitglied Ren\u00e9 B\u00e4rje-Ke\u00dfler verwaltet<br \/>\n<a class=\"wpe-button wpe-button-blue\" href=\"mailto:rene.baerje@slip-up.de?subject=Neue Stempel\">Neue Stempel melden<\/a><\/center>\n<table id=\"tablepress-114-no-2\" class=\"tablepress tablepress-id-114\">\n<thead>\n<tr class=\"row-1\">\n\t<th class=\"column-1\"><center>Image<\/th><th class=\"column-2\"><center>Country<\/th><th class=\"column-3\"><center>Description<\/th><th class=\"column-4\"><center>Keywords<\/th>\n<\/tr>\n<\/thead>\n<tbody class=\"row-hover\">\n<tr class=\"row-2\">\n\t<td class=\"column-1\"><center><font size=\"-2\">27.04.2026 Klaus Gabriel <a href=\"https:\/\/www.motivgruppe-musik.com\/wp-content\/gallery\/stempel-2026\/2026-42-russland.jpg\" target=\"_blank\" rel=\"noopener\" noreferrer><img decoding=\"async\" src=\"https:\/\/www.motivgruppe-musik.com\/wp-content\/gallery\/stempel-2026\/2026-42-russland.jpg\" width=\"150\" class=\"border\" \/><\/a><\/td><td class=\"column-2\">Russia<br \/>\nMoscow<br \/>\n28.04.2026<\/td><td class=\"column-3\">Posthorns<\/td><td class=\"column-4\">Posthorn<\/td>\n<\/tr>\n<tr class=\"row-3\">\n\t<td class=\"column-1\"><center><font size=\"-2\">25.04.2026 Peter Lang <a href=\"https:\/\/www.motivgruppe-musik.com\/wp-content\/gallery\/stempel-2026\/2026-41-indien.jpg\" target=\"_blank\" rel=\"noopener\" noreferrer><img decoding=\"async\" src=\"https:\/\/www.motivgruppe-musik.com\/wp-content\/gallery\/stempel-2026\/2026-41-indien.jpg\" width=\"150\" class=\"border\" \/><\/a><\/td><td class=\"column-2\">India<br \/>\nBhubaneswar<br \/>\n24.04.2026<\/td><td class=\"column-3\">Dancers, folk dance of Odisha<\/td><td class=\"column-4\">Traditional, dance, folk dance<\/td>\n<\/tr>\n<tr class=\"row-4\">\n\t<td class=\"column-1\"><center><font size=\"-2\">24.04.2026 Peter Lang <a href=\"https:\/\/www.motivgruppe-musik.com\/wp-content\/gallery\/stempel-2026\/2026-40-oesterreich.jpg\" target=\"_blank\" rel=\"noopener\" noreferrer><img decoding=\"async\" src=\"https:\/\/www.motivgruppe-musik.com\/wp-content\/gallery\/stempel-2026\/2026-40-oesterreich.jpg\" width=\"150\" class=\"border\" \/><\/a><\/td><td class=\"column-2\">Austria<br \/>\nVienna<br \/>\n16.04.2026<\/td><td class=\"column-3\">Stamp for the crypto stamp Vienna City of Music<\/td><td class=\"column-4\">Building<\/td>\n<\/tr>\n<tr class=\"row-5\">\n\t<td class=\"column-1\"><center><font size=\"-2\">21.04.2026 G. Robert Salvi <a href=\"https:\/\/www.motivgruppe-musik.com\/wp-content\/gallery\/stempel-2026\/2026-39-usa.jpg\" target=\"_blank\" rel=\"noopener\" noreferrer><img decoding=\"async\" src=\"https:\/\/www.motivgruppe-musik.com\/wp-content\/gallery\/stempel-2026\/2026-39-usa.jpg\" width=\"150\" class=\"border\" \/><\/a><\/td><td class=\"column-2\">USA<br \/>\nFond du Lac (WI)<br \/>\n18.04.2026<\/td><td class=\"column-3\">bell<\/td><td class=\"column-4\">bell<\/td>\n<\/tr>\n<tr class=\"row-6\">\n\t<td class=\"column-1\"><center><font size=\"-2\">21.04.2026 Peter Lang <a href=\"https:\/\/www.motivgruppe-musik.com\/wp-content\/gallery\/stempel-2026\/2026-38-indien.jpg\" target=\"_blank\" rel=\"noopener\" noreferrer><img decoding=\"async\" src=\"https:\/\/www.motivgruppe-musik.com\/wp-content\/gallery\/stempel-2026\/2026-38-indien.jpg\" width=\"150\" class=\"border\" \/><\/a><\/td><td class=\"column-2\">India<br \/>\nNew Delhi<br \/>\n16.04.2026<\/td><td class=\"column-3\">Pandit Chatur was a tabla player. The tabla is a percussion instrument in North Indian music. It consists of two small kettledrums, whose heads are marked with a characteristic circular eye.<\/td><td class=\"column-4\">Drum, tabla, percussion, traditional, instrument<\/td>\n<\/tr>\n<tr class=\"row-7\">\n\t<td class=\"column-1\"><center><font size=\"-2\">16.04.2026 Arnold van Berkel <a href=\"https:\/\/www.motivgruppe-musik.com\/wp-content\/gallery\/stempel-2026\/2026-37-usa.jpg\" target=\"_blank\" rel=\"noopener\" noreferrer><img decoding=\"async\" src=\"https:\/\/www.motivgruppe-musik.com\/wp-content\/gallery\/stempel-2026\/2026-37-usa.jpg\" width=\"150\" class=\"border\" \/><\/a><\/td><td class=\"column-2\">USA<br \/>\nSpringfield (VA)<br \/>\n28.03.2026<\/td><td class=\"column-3\">250th anniversary of the US Declaration of Independence. The design depicts historical figures associated with the founding of the United States, including Benjamin Franklin (1706\u20131790), an enthusiastic musician who played the guitar, harp, and viola da gamba.<\/td><td class=\"column-4\">Musician, person<\/td>\n<\/tr>\n<tr class=\"row-8\">\n\t<td class=\"column-1\"><center><font size=\"-2\">10.04.2026 Klaus Gabriel <a href=\"https:\/\/www.motivgruppe-musik.com\/wp-content\/gallery\/stempel-2026\/2026-36-indien.jpg\" target=\"_blank\" rel=\"noopener\" noreferrer><img decoding=\"async\" src=\"https:\/\/www.motivgruppe-musik.com\/wp-content\/gallery\/stempel-2026\/2026-36-indien.jpg\" width=\"150\" class=\"border\" \/><\/a><\/td><td class=\"column-2\">India<br \/>\nBelagavi<br \/>\n13.02.2026<\/td><td class=\"column-3\">World Radio Day (UNESCO)<\/td><td class=\"column-4\">Radio, broadcast<\/td>\n<\/tr>\n<tr class=\"row-9\">\n\t<td class=\"column-1\"><center><font size=\"-2\">08.04.2026 Karl-Heinz B\u00fcdding <a href=\"https:\/\/www.motivgruppe-musik.com\/wp-content\/gallery\/stempel-2026\/2026-35-italien.jpg\" target=\"_blank\" rel=\"noopener\" noreferrer><img decoding=\"async\" src=\"https:\/\/www.motivgruppe-musik.com\/wp-content\/gallery\/stempel-2026\/2026-35-italien.jpg\" width=\"150\" class=\"border\" \/><\/a><\/td><td class=\"column-2\">Italy<br \/>\nFiumefreddo<br \/>\n09.05.2026<\/td><td class=\"column-3\">Stamp Day<\/td><td class=\"column-4\">Grades<\/td>\n<\/tr>\n<tr class=\"row-10\">\n\t<td class=\"column-1\"><center><font size=\"-2\">08.04.2026 Karl-Heinz B\u00fcdding <a href=\"https:\/\/www.motivgruppe-musik.com\/wp-content\/gallery\/stempel-2026\/2026-34-italien.jpg\" target=\"_blank\" rel=\"noopener\" noreferrer><img decoding=\"async\" src=\"https:\/\/www.motivgruppe-musik.com\/wp-content\/gallery\/stempel-2026\/2026-34-italien.jpg\" width=\"150\" class=\"border\" \/><\/a><\/td><td class=\"column-2\">Italy<br \/>\nRoma<br \/>\n24.03.2026<\/td><td class=\"column-3\">Dario Fo, Italian composer, stage designer<\/td><td class=\"column-4\">Composer, person<\/td>\n<\/tr>\n<tr class=\"row-11\">\n\t<td class=\"column-1\"><center><font size=\"-2\">08.04.2026 Karl-Heinz B\u00fcdding <a href=\"https:\/\/www.motivgruppe-musik.com\/wp-content\/gallery\/stempel-2026\/2026-33-italien.jpg\" target=\"_blank\" rel=\"noopener\" noreferrer><img decoding=\"async\" src=\"https:\/\/www.motivgruppe-musik.com\/wp-content\/gallery\/stempel-2026\/2026-33-italien.jpg\" width=\"150\" class=\"border\" \/><\/a><\/td><td class=\"column-2\">Italy<br \/>\nViggiu<br \/>\n25.04.2026<\/td><td class=\"column-3\">Renato Simoni, librettist of Puccini's opera Turandot<\/td><td class=\"column-4\">Libretto, Person<\/td>\n<\/tr>\n<tr class=\"row-12\">\n\t<td class=\"column-1\"><center><font size=\"-2\">08.04.2026 Karl-Heinz B\u00fcdding <a href=\"https:\/\/www.motivgruppe-musik.com\/wp-content\/gallery\/stempel-2026\/2026-32-italien.jpg\" target=\"_blank\" rel=\"noopener\" noreferrer><img decoding=\"async\" src=\"https:\/\/www.motivgruppe-musik.com\/wp-content\/gallery\/stempel-2026\/2026-32-italien.jpg\" width=\"150\" class=\"border\" \/><\/a><\/td><td class=\"column-2\">Italy<br \/>\nViareggio<br \/>\n18.04.2026<\/td><td class=\"column-3\">Turandot is the last opera by Giacomo Puccini.<\/td><td class=\"column-4\">opera<\/td>\n<\/tr>\n<tr class=\"row-13\">\n\t<td class=\"column-1\"><center><font size=\"-2\">08.04.2026 Karl-Heinz B\u00fcdding <a href=\"https:\/\/www.motivgruppe-musik.com\/wp-content\/gallery\/stempel-2026\/2026-31-italien.jpg\" target=\"_blank\" rel=\"noopener\" noreferrer><img decoding=\"async\" src=\"https:\/\/www.motivgruppe-musik.com\/wp-content\/gallery\/stempel-2026\/2026-31-italien.jpg\" width=\"150\" class=\"border\" \/><\/a><\/td><td class=\"column-2\">Italy<br \/>\nRoma<br \/>\n13.03.2026<\/td><td class=\"column-3\">Claudio Villa, Italian singer<\/td><td class=\"column-4\">Singer<\/td>\n<\/tr>\n<tr class=\"row-14\">\n\t<td class=\"column-1\"><center><font size=\"-2\">08.04.2026 Karl-Heinz B\u00fcdding <a href=\"https:\/\/www.motivgruppe-musik.com\/wp-content\/gallery\/stempel-2026\/2026-30-italien.jpg\" target=\"_blank\" rel=\"noopener\" noreferrer><img decoding=\"async\" src=\"https:\/\/www.motivgruppe-musik.com\/wp-content\/gallery\/stempel-2026\/2026-30-italien.jpg\" width=\"150\" class=\"border\" \/><\/a><\/td><td class=\"column-2\">Italy<br \/>\nLegnago<br \/>\n06.03.2026<\/td><td class=\"column-3\">Salieri Theatre<\/td><td class=\"column-4\">Theatre, building, opera<\/td>\n<\/tr>\n<tr class=\"row-15\">\n\t<td class=\"column-1\"><center><font size=\"-2\">25.05.2026 Peter Lang <a href=\"https:\/\/www.motivgruppe-musik.com\/wp-content\/gallery\/stempel-2026\/2026-29-ukraine.jpg\" target=\"_blank\" rel=\"noopener\" noreferrer><img decoding=\"async\" src=\"https:\/\/www.motivgruppe-musik.com\/wp-content\/gallery\/stempel-2026\/2026-29-ukraine.jpg\" width=\"150\" class=\"border\" \/><\/a><\/td><td class=\"column-2\">Ukraine<br \/>\nKyiv<br \/>\n<\/td><td class=\"column-3\"><\/td><td class=\"column-4\"><\/td>\n<\/tr>\n<tr class=\"row-16\">\n\t<td class=\"column-1\"><center><font size=\"-2\">04.04.2026 Peter Lang <a href=\"https:\/\/www.motivgruppe-musik.com\/wp-content\/gallery\/stempel-2026\/2026-28-indien.jpg\" target=\"_blank\" rel=\"noopener\" noreferrer><img decoding=\"async\" src=\"https:\/\/www.motivgruppe-musik.com\/wp-content\/gallery\/stempel-2026\/2026-28-indien.jpg\" width=\"150\" class=\"border\" \/><\/a><\/td><td class=\"column-2\">India<br \/>\nCalcutta<br \/>\n09.03.2026<\/td><td class=\"column-3\">Annapurna Devi (1927\u20132018) was an Indian Surbahar player of classical Hindustani music. She was given the name \"Annapurna\" by Maharaja Brijnath Singh of the former Maihar estate, where she was commonly known.<\/td><td class=\"column-4\">Tradition, musician, instrument, plucked instrument, stringed instrument<\/td>\n<\/tr>\n<tr class=\"row-17\">\n\t<td class=\"column-1\"><center><font size=\"-2\">04.04.2026 Peter Lang <a href=\"https:\/\/www.motivgruppe-musik.com\/wp-content\/gallery\/stempel-2026\/2026-27-indien.jpg\" target=\"_blank\" rel=\"noopener\" noreferrer><img decoding=\"async\" src=\"https:\/\/www.motivgruppe-musik.com\/wp-content\/gallery\/stempel-2026\/2026-27-indien.jpg\" width=\"150\" class=\"border\" \/><\/a><\/td><td class=\"column-2\">India<br \/>\nGangtok<br \/>\n10.03.2026<\/td><td class=\"column-3\">The Pumtong Pulit is a traditional bamboo flute from Sikkim, India, deeply rooted in the culture of the Lepcha people. It has four holes, is often used in ritual contexts, and serves to imitate sounds of nature.<\/td><td class=\"column-4\">Tradition, instrument, flute, wind instrument<\/td>\n<\/tr>\n<tr class=\"row-18\">\n\t<td class=\"column-1\"><center><font size=\"-2\">04.04.2026 Peter Lang <a href=\"https:\/\/www.motivgruppe-musik.com\/wp-content\/gallery\/stempel-2026\/2026-26-indien.jpg\" target=\"_blank\" rel=\"noopener\" noreferrer><img decoding=\"async\" src=\"https:\/\/www.motivgruppe-musik.com\/wp-content\/gallery\/stempel-2026\/2026-26-indien.jpg\" width=\"150\" class=\"border\" \/><\/a><\/td><td class=\"column-2\">India<br \/>\nGangtok<br \/>\n10.03.2026<\/td><td class=\"column-3\">The Tungbuk is a traditional, three-stringed plucked instrument of the Lepcha community in Sikkim, India, which resembles a mandolin.<\/td><td class=\"column-4\">Tradition, instrument, stringed instrument, plucked instrument<\/td>\n<\/tr>\n<tr class=\"row-19\">\n\t<td class=\"column-1\"><center><font size=\"-2\">30.03.2026 Peter Lang <a href=\"https:\/\/www.motivgruppe-musik.com\/wp-content\/gallery\/stempel-2026\/2026-25-indien.jpg\" target=\"_blank\" rel=\"noopener\" noreferrer><img decoding=\"async\" src=\"https:\/\/www.motivgruppe-musik.com\/wp-content\/gallery\/stempel-2026\/2026-25-indien.jpg\" width=\"150\" class=\"border\" \/><\/a><\/td><td class=\"column-2\">India<br \/>\nRaipur<br \/>\n15.01.2026<\/td><td class=\"column-3\">To mark the 150th anniversary of the Indian national anthem \"Vande Mataram\", there was a \"mass singing\" event with 5000 students.<\/td><td class=\"column-4\">Sheet music, singer, choir<\/td>\n<\/tr>\n<tr class=\"row-20\">\n\t<td class=\"column-1\"><center><font size=\"-2\">26.03.2026 Klaus Gabriel <a href=\"https:\/\/www.motivgruppe-musik.com\/wp-content\/gallery\/stempel-2026\/2026-24-tschechien.jpg\" target=\"_blank\" rel=\"noopener\" noreferrer><img decoding=\"async\" src=\"https:\/\/www.motivgruppe-musik.com\/wp-content\/gallery\/stempel-2026\/2026-24-tschechien.jpg\" width=\"150\" class=\"border\" \/><\/a><\/td><td class=\"column-2\">Czech Republic<br \/>\nPrague<br \/>\n18.03.2026<\/td><td class=\"column-3\">Figure skating, ice skating<\/td><td class=\"column-4\">figure skating<\/td>\n<\/tr>\n<tr class=\"row-21\">\n\t<td class=\"column-1\"><center><font size=\"-2\">25.03.2026 Klaus Gabriel <a href=\"https:\/\/www.motivgruppe-musik.com\/wp-content\/gallery\/stempel-2026\/2026-23-russland.jpg\" target=\"_blank\" rel=\"noopener\" noreferrer><img decoding=\"async\" src=\"https:\/\/www.motivgruppe-musik.com\/wp-content\/gallery\/stempel-2026\/2026-23-russland.jpg\" width=\"150\" class=\"border\" \/><\/a><\/td><td class=\"column-2\">Russia<br \/>\nMoscow<br \/>\n28.03.2026<\/td><td class=\"column-3\">250 Years of the State Academic Bolshoi Theatre of Russia<\/td><td class=\"column-4\">Theatre, building, opera<\/td>\n<\/tr>\n<tr class=\"row-22\">\n\t<td class=\"column-1\"><center><font size=\"-2\">19.03.2026 Klaus Gabriel <a href=\"https:\/\/www.motivgruppe-musik.com\/wp-content\/gallery\/stempel-2026\/2026-22-spanien.jpg\" target=\"_blank\" rel=\"noopener\" noreferrer><img decoding=\"async\" src=\"https:\/\/www.motivgruppe-musik.com\/wp-content\/gallery\/stempel-2026\/2026-22-spanien.jpg\" width=\"150\" class=\"border\" \/><\/a><\/td><td class=\"column-2\">Spain<br \/>\nMadrid<br \/>\n22.02.2026<\/td><td class=\"column-3\">Yingge dance, fire dance<\/td><td class=\"column-4\">Dance, dancer, tradition<\/td>\n<\/tr>\n<tr class=\"row-23\">\n\t<td class=\"column-1\"><center><font size=\"-2\">18.03.2026 Peter Lang <a href=\"https:\/\/www.motivgruppe-musik.com\/wp-content\/gallery\/stempel-2026\/2026-21-moldawien.jpg\" target=\"_blank\" rel=\"noopener\" noreferrer><img decoding=\"async\" src=\"https:\/\/www.motivgruppe-musik.com\/wp-content\/gallery\/stempel-2026\/2026-21-moldawien.jpg\" width=\"150\" class=\"border\" \/><\/a><\/td><td class=\"column-2\">Moldova<br \/>\nChi\u0219in\u0103u<br \/>\n02.-10.03.2026<\/td><td class=\"column-3\">60th Anniversary of the International Music Festival<\/td><td class=\"column-4\">festival<\/td>\n<\/tr>\n<tr class=\"row-24\">\n\t<td class=\"column-1\"><center><font size=\"-2\">06.03.2026 Klaus Gabriel <a href=\"https:\/\/www.motivgruppe-musik.com\/wp-content\/gallery\/stempel-2026\/2026-20-russland.jpg\" target=\"_blank\" rel=\"noopener\" noreferrer><img decoding=\"async\" src=\"https:\/\/www.motivgruppe-musik.com\/wp-content\/gallery\/stempel-2026\/2026-20-russland.jpg\" width=\"150\" class=\"border\" \/><\/a><\/td><td class=\"column-2\">Russia<br \/>\nYaroslavl<br \/>\n04.03.2026<\/td><td class=\"column-3\">Golden Ring of Russia with an image of the Volkov Theatre Yaroslavl<\/td><td class=\"column-4\">Theatre, building, opera<\/td>\n<\/tr>\n<tr class=\"row-25\">\n\t<td class=\"column-1\"><center><font size=\"-2\">25.02.2026 Axel Brockmann\/Karl-Heinz B\u00fcdding <a href=\"https:\/\/www.motivgruppe-musik.com\/wp-content\/gallery\/stempel-2026\/2026-19-italien.jpg\" target=\"_blank\" rel=\"noopener\" noreferrer><img decoding=\"async\" src=\"https:\/\/www.motivgruppe-musik.com\/wp-content\/gallery\/stempel-2026\/2026-19-italien.jpg\" width=\"150\" class=\"border\" \/><\/a><\/td><td class=\"column-2\">Italy<br \/>\nSanremo<br \/>\n27.02.2026<\/td><td class=\"column-3\">76th Song Festival<\/td><td class=\"column-4\">microphone, event, festival<\/td>\n<\/tr>\n<tr class=\"row-26\">\n\t<td class=\"column-1\"><center><font size=\"-2\">21.02.2026 Peter Lang <a href=\"https:\/\/www.motivgruppe-musik.com\/wp-content\/gallery\/stempel-2026\/2026-18-lettland.jpg\" target=\"_blank\" rel=\"noopener\" noreferrer><img decoding=\"async\" src=\"https:\/\/www.motivgruppe-musik.com\/wp-content\/gallery\/stempel-2026\/2026-18-lettland.jpg\" width=\"150\" class=\"border\" \/><\/a><\/td><td class=\"column-2\">Latvia<br \/>\nRiga<br \/>\n12.02.2026<\/td><td class=\"column-3\">Lithuanian National Symphony Orchestra<\/td><td class=\"column-4\">Orchestra, sheet music<\/td>\n<\/tr>\n<tr class=\"row-27\">\n\t<td class=\"column-1\"><center><font size=\"-2\">20.02.2026 Peter Lang <a href=\"https:\/\/www.motivgruppe-musik.com\/wp-content\/gallery\/stempel-2026\/2026-17-oesterreich.jpg\" target=\"_blank\" rel=\"noopener\" noreferrer><img decoding=\"async\" src=\"https:\/\/www.motivgruppe-musik.com\/wp-content\/gallery\/stempel-2026\/2026-17-oesterreich.jpg\" width=\"150\" class=\"border\" \/><\/a><\/td><td class=\"column-2\">Austria<br \/>\nVienna<br \/>\n20.03.2026<\/td><td class=\"column-3\">250 years of the Burgtheater. The image shows the bubble angel on the roof of the Burgtheater in Vienna, located on the Ringstrasse. The sculpture serves as part of a historic ventilation system to remove warm, stale air from the auditorium.<\/td><td class=\"column-4\">Angel, wind instrument<\/td>\n<\/tr>\n<tr class=\"row-28\">\n\t<td class=\"column-1\"><center><font size=\"-2\">14.02.2026 Karl-Heinz B\u00fcdding <a href=\"https:\/\/www.motivgruppe-musik.com\/wp-content\/gallery\/stempel-2026\/2026-16-deutschland.jpg\" target=\"_blank\" rel=\"noopener\" noreferrer><img decoding=\"async\" src=\"https:\/\/www.motivgruppe-musik.com\/wp-content\/gallery\/stempel-2026\/2026-16-deutschland.jpg\" width=\"150\" class=\"border\" \/><\/a><\/td><td class=\"column-2\">Germany<br \/>\nMeiningen<br \/>\n28.03.2026<\/td><td class=\"column-3\">General meeting of the music motive group. The Meiningen Court Orchestra at the 1st Bayreuth Festival.<\/td><td class=\"column-4\">band, musicians<\/td>\n<\/tr>\n<tr class=\"row-29\">\n\t<td class=\"column-1\"><center><font size=\"-2\">14.02.2026 Karl-Heinz B\u00fcdding <a href=\"https:\/\/www.motivgruppe-musik.com\/wp-content\/gallery\/stempel-2026\/2026-15-deutschland.jpg\" target=\"_blank\" rel=\"noopener\" noreferrer><img decoding=\"async\" src=\"https:\/\/www.motivgruppe-musik.com\/wp-content\/gallery\/stempel-2026\/2026-15-deutschland.jpg\" width=\"150\" class=\"border\" \/><\/a><\/td><td class=\"column-2\">Germany<br \/>\nMeiningen<br \/>\n28.03.2026<\/td><td class=\"column-3\">200th birthday of Duke George II, Max Reger Conservatory<\/td><td class=\"column-4\">Building, horn, wind instrument<\/td>\n<\/tr>\n<tr class=\"row-30\">\n\t<td class=\"column-1\"><center><font size=\"-2\">07.02.2026 Peter Lang <a href=\"https:\/\/www.motivgruppe-musik.com\/wp-content\/gallery\/stempel-2026\/2026-14-frankreich.jpg\" target=\"_blank\" rel=\"noopener\" noreferrer><img decoding=\"async\" src=\"https:\/\/www.motivgruppe-musik.com\/wp-content\/gallery\/stempel-2026\/2026-14-frankreich.jpg\" width=\"150\" class=\"border\" \/><\/a><\/td><td class=\"column-2\">France<br \/>\nCheilly-l\u00e8s-Maranges<br \/>\n24.-25.01.2026<\/td><td class=\"column-3\">A traditional wine festival in Burgundy, celebrated in a different village each year.<\/td><td class=\"column-4\">trumpet, musician<\/td>\n<\/tr>\n<tr class=\"row-31\">\n\t<td class=\"column-1\"><center><font size=\"-2\">07.02.2026 Peter Lang <a href=\"https:\/\/www.motivgruppe-musik.com\/wp-content\/gallery\/stempel-2026\/2026-13-frz.jpg\" target=\"_blank\" rel=\"noopener\" noreferrer><img decoding=\"async\" src=\"https:\/\/www.motivgruppe-musik.com\/wp-content\/gallery\/stempel-2026\/2026-13-frz.jpg\" width=\"150\" class=\"border\" \/><\/a><\/td><td class=\"column-2\">French Polynesia<br \/>\nPapeete<br \/>\n17.02.2026<\/td><td class=\"column-3\">Bobby Holcomb (1947-1991): Artist and musician who wrote popular Polynesian melodies.<\/td><td class=\"column-4\">Musician, portrait, person<\/td>\n<\/tr>\n<tr class=\"row-32\">\n\t<td class=\"column-1\"><center><font size=\"-2\">05.02.2026 Klaus Gabriel <a href=\"https:\/\/www.motivgruppe-musik.com\/wp-content\/gallery\/stempel-2026\/2026-12-rumaenien.jpg\" target=\"_blank\" rel=\"noopener\" noreferrer><img decoding=\"async\" src=\"https:\/\/www.motivgruppe-musik.com\/wp-content\/gallery\/stempel-2026\/2026-12-rumaenien.jpg\" width=\"150\" class=\"border\" \/><\/a><\/td><td class=\"column-2\">Romania<br \/>\nBucharest<br \/>\n04.02.2026<\/td><td class=\"column-3\">figure skating<\/td><td class=\"column-4\">figure skating<\/td>\n<\/tr>\n<tr class=\"row-33\">\n\t<td class=\"column-1\"><center><font size=\"-2\">05.02.2026 Jakab G\u00e9za <a href=\"https:\/\/www.motivgruppe-musik.com\/wp-content\/gallery\/stempel-2026\/2026-11-ungarn.jpg\" target=\"_blank\" rel=\"noopener\" noreferrer><img decoding=\"async\" src=\"https:\/\/www.motivgruppe-musik.com\/wp-content\/gallery\/stempel-2026\/2026-11-ungarn.jpg\" width=\"150\" class=\"border\" \/><\/a><\/td><td class=\"column-2\">Hungary<br \/>\nBudapest<br \/>\n04.02.2026<\/td><td class=\"column-3\">Hungarian and Chinese folk instruments. The zither and the guzheng \u2013 as traditional stringed instruments played by plucking \u2013 symbolize the musical traditions and cultural connections of the two countries.<\/td><td class=\"column-4\">Zither, Guzheng, stringed instruments, tradition<\/td>\n<\/tr>\n<tr class=\"row-34\">\n\t<td class=\"column-1\"><center><font size=\"-2\">30.01.2026 Karl-Heinz B\u00fcdding <a href=\"https:\/\/www.motivgruppe-musik.com\/wp-content\/gallery\/stempel-2026\/2026-10-italien.jpg\" target=\"_blank\" rel=\"noopener\" noreferrer><img decoding=\"async\" src=\"https:\/\/www.motivgruppe-musik.com\/wp-content\/gallery\/stempel-2026\/2026-10-italien.jpg\" width=\"150\" class=\"border\" \/><\/a><\/td><td class=\"column-2\">Italy<br \/>\nRome<br \/>\n29.01.2026<\/td><td class=\"column-3\">100th birthday of Claudio Villa, Italian singer<\/td><td class=\"column-4\">Singer, microphone, person<\/td>\n<\/tr>\n<tr class=\"row-35\">\n\t<td class=\"column-1\"><center><font size=\"-2\">30.01.2026 Karl-Heinz B\u00fcdding <a href=\"https:\/\/www.motivgruppe-musik.com\/wp-content\/gallery\/stempel-2026\/2026-9-deutschland.jpg\" target=\"_blank\" rel=\"noopener\" noreferrer><img decoding=\"async\" src=\"https:\/\/www.motivgruppe-musik.com\/wp-content\/gallery\/stempel-2026\/2026-9-deutschland.jpg\" width=\"150\" class=\"border\" \/><\/a><\/td><td class=\"column-2\">Germany<br \/>\nBonn<br \/>\n02.03.2026<\/td><td class=\"column-3\">200th birthday of Julie Hausmann, church musician and poet \u201cSo take my hands\u201d<\/td><td class=\"column-4\">Church music, poets<\/td>\n<\/tr>\n<tr class=\"row-36\">\n\t<td class=\"column-1\"><center><font size=\"-2\">30.01.2026 Karl-Heinz B\u00fcdding <a href=\"https:\/\/www.motivgruppe-musik.com\/wp-content\/gallery\/stempel-2026\/2026-8-deutschland.jpg\" target=\"_blank\" rel=\"noopener\" noreferrer><img decoding=\"async\" src=\"https:\/\/www.motivgruppe-musik.com\/wp-content\/gallery\/stempel-2026\/2026-8-deutschland.jpg\" width=\"150\" class=\"border\" \/><\/a><\/td><td class=\"column-2\">Germany<br \/>\nBerlin<br \/>\n02.03.2026<\/td><td class=\"column-3\">200th birthday of Julie Hausmann, church musician and poet \u201cSo take my hands\u201d<\/td><td class=\"column-4\">Church music, poets<\/td>\n<\/tr>\n<tr class=\"row-37\">\n\t<td class=\"column-1\"><center><font size=\"-2\">23.01.2026 Peter Lang <a href=\"https:\/\/www.motivgruppe-musik.com\/wp-content\/gallery\/stempel-2026\/2026-7-polen.jpg\" target=\"_blank\" rel=\"noopener\" noreferrer><img decoding=\"async\" src=\"https:\/\/www.motivgruppe-musik.com\/wp-content\/gallery\/stempel-2026\/2026-7-polen.jpg\" width=\"150\" class=\"border\" \/><\/a><\/td><td class=\"column-2\">Poland<br \/>\nWarsaw<br \/>\n25.01.2026<\/td><td class=\"column-3\">34th Finale of the Grand Orchestra of Christmas Charity<\/td><td class=\"column-4\">Logo, lettering, festival, event<\/td>\n<\/tr>\n<tr class=\"row-38\">\n\t<td class=\"column-1\"><center><font size=\"-2\">17.01.2026 Karl-Heinz B\u00fcdding <a href=\"https:\/\/www.motivgruppe-musik.com\/wp-content\/gallery\/stempel-2026\/2026-6-italien.jpg\" target=\"_blank\" rel=\"noopener\" noreferrer><img decoding=\"async\" src=\"https:\/\/www.motivgruppe-musik.com\/wp-content\/gallery\/stempel-2026\/2026-6-italien.jpg\" width=\"150\" class=\"border\" \/><\/a><\/td><td class=\"column-2\">Italy<br \/>\nRho<br \/>\n21.01.2026<\/td><td class=\"column-3\">15th \"Olio Officina\" Festival in Rho Fiera, January 22\u201324. Drawing of a man playing an instrument and sheet music. Illustrator Doriano Strologo, inspired by the theme of the fifteenth edition of Olio Officina, \"Sensoriale\" (Senses, Sensory, Perception \u2013 which at the festival refers more to the taste of the oil).<\/td><td class=\"column-4\">Notes, music sheets, musician<\/td>\n<\/tr>\n<tr class=\"row-39\">\n\t<td class=\"column-1\"><center><font size=\"-2\">17.01.2026 Karl-Heinz B\u00fcdding <a href=\"https:\/\/www.motivgruppe-musik.com\/wp-content\/gallery\/stempel-2026\/2026-5-deutschland.jpg\" target=\"_blank\" rel=\"noopener\" noreferrer><img decoding=\"async\" src=\"https:\/\/www.motivgruppe-musik.com\/wp-content\/gallery\/stempel-2026\/2026-5-deutschland.jpg\" width=\"150\" class=\"border\" \/><\/a><\/td><td class=\"column-2\">Germany<br \/>\nApolda<br \/>\n14.03.2026<\/td><td class=\"column-3\">125 years of the Apolda section of the German Alpine Club and 100 years of the Thuringian Hut<\/td><td class=\"column-4\">bell<\/td>\n<\/tr>\n<tr class=\"row-40\">\n\t<td class=\"column-1\"><center><font size=\"-2\">22.12.2025 Peter Lang <a href=\"https:\/\/www.motivgruppe-musik.com\/wp-content\/gallery\/stempel-2026\/2026-4-oesterreich.jpg\" target=\"_blank\" rel=\"noopener\" noreferrer><img decoding=\"async\" src=\"https:\/\/www.motivgruppe-musik.com\/wp-content\/gallery\/stempel-2026\/2026-4-oesterreich.jpg\" width=\"150\" class=\"border\" \/><\/a><\/td><td class=\"column-2\">Austria<br \/>\nVienna<br \/>\n17.02.2026<\/td><td class=\"column-3\">Friedrich Cerha (1926\u20132023) was an Austrian composer and conductor.<\/td><td class=\"column-4\">Person, composer, conductor<\/td>\n<\/tr>\n<tr class=\"row-41\">\n\t<td class=\"column-1\"><center><font size=\"-2\">22.12.2025 Peter Lang <a href=\"https:\/\/www.motivgruppe-musik.com\/wp-content\/gallery\/stempel-2026\/2026-3-oesterreich.jpg\" target=\"_blank\" rel=\"noopener\" noreferrer><img decoding=\"async\" src=\"https:\/\/www.motivgruppe-musik.com\/wp-content\/gallery\/stempel-2026\/2026-3-oesterreich.jpg\" width=\"150\" class=\"border\" \/><\/a><\/td><td class=\"column-2\">Austria<br \/>\nVienna<br \/>\n09.01.2026<\/td><td class=\"column-3\">The Viennese timpani was designed by Hans Schnellar (1865\u20131945), a timpanist of the Vienna Philharmonic; its design was further developed by his successors in the Philharmonic.<\/td><td class=\"column-4\">timpani, percussion, drum, person<\/td>\n<\/tr>\n<tr class=\"row-42\">\n\t<td class=\"column-1\"><center><font size=\"-2\">12.12.2025 Karl-Heinz B\u00fcdding <a href=\"https:\/\/www.motivgruppe-musik.com\/wp-content\/gallery\/stempel-2026\/2026-2-deutschland.jpg\" target=\"_blank\" rel=\"noopener\" noreferrer><img decoding=\"async\" src=\"https:\/\/www.motivgruppe-musik.com\/wp-content\/gallery\/stempel-2026\/2026-2-deutschland.jpg\" width=\"150\" class=\"border\" \/><\/a><\/td><td class=\"column-2\">Germany<br \/>\nBerlin<br \/>\n08.01.2026<\/td><td class=\"column-3\">250th birthday of E. T. A. Hoffmann<\/td><td class=\"column-4\">Writer, composer, opera conductor<\/td>\n<\/tr>\n<tr class=\"row-43\">\n\t<td class=\"column-1\"><center><font size=\"-2\">12.12.2025 Karl-Heinz B\u00fcdding <a href=\"https:\/\/www.motivgruppe-musik.com\/wp-content\/gallery\/stempel-2026\/2026-1-deutschland.jpg\" target=\"_blank\" rel=\"noopener\" noreferrer><img decoding=\"async\" src=\"https:\/\/www.motivgruppe-musik.com\/wp-content\/gallery\/stempel-2026\/2026-1-deutschland.jpg\" width=\"150\" class=\"border\" \/><\/a><\/td><td class=\"column-2\">Germany<br \/>\nBonn<br \/>\n08.01.2026<\/td><td class=\"column-3\">250th birthday of E. T. A. Hoffmann<\/td><td class=\"column-4\">Writer, composer, opera conductor<\/td>\n<\/tr>\n<\/tbody>\n<\/table>\n<\/p>\n<p><center>This page is maintained by our member Ren\u00e9 B\u00e4rje-Kessler<br \/>\n<a class=\"wpe-button wpe-button-blue\" href=\"mailto:rene.baerje@slip-up.de?subject=New Music Postmark\">Report new Postmark<\/a><\/center><\/p>","protected":false},"excerpt":{"rendered":"<p>This page is maintained by our member Ren\u00e9 B\u00e4rje-Kessler Report new Postmark<\/p>\n","protected":false},"author":172,"featured_media":0,"parent":3775,"menu_order":0,"comment_status":"closed","ping_status":"closed","template":"","meta":{"ngg_post_thumbnail":0,"footnotes":""},"class_list":["post-38504","page","type-page","status-publish","hentry"],"_links":{"self":[{"href":"https:\/\/www.motivgruppe-musik.com\/en\/wp-json\/wp\/v2\/pages\/38504","targetHints":{"allow":["GET"]}}],"collection":[{"href":"https:\/\/www.motivgruppe-musik.com\/en\/wp-json\/wp\/v2\/pages"}],"about":[{"href":"https:\/\/www.motivgruppe-musik.com\/en\/wp-json\/wp\/v2\/types\/page"}],"author":[{"embeddable":true,"href":"https:\/\/www.motivgruppe-musik.com\/en\/wp-json\/wp\/v2\/users\/172"}],"replies":[{"embeddable":true,"href":"https:\/\/www.motivgruppe-musik.com\/en\/wp-json\/wp\/v2\/comments?post=38504"}],"version-history":[{"count":2,"href":"https:\/\/www.motivgruppe-musik.com\/en\/wp-json\/wp\/v2\/pages\/38504\/revisions"}],"predecessor-version":[{"id":38810,"href":"https:\/\/www.motivgruppe-musik.com\/en\/wp-json\/wp\/v2\/pages\/38504\/revisions\/38810"}],"up":[{"embeddable":true,"href":"https:\/\/www.motivgruppe-musik.com\/en\/wp-json\/wp\/v2\/pages\/3775"}],"wp:attachment":[{"href":"https:\/\/www.motivgruppe-musik.com\/en\/wp-json\/wp\/v2\/media?parent=38504"}],"curies":[{"name":"wp","href":"https:\/\/api.w.org\/{rel}","templated":true}]}}